{"id":3279,"date":"2022-07-06T11:06:44","date_gmt":"2022-07-06T11:06:44","guid":{"rendered":"https:\/\/cast-in.pt\/?page_id=3279"},"modified":"2022-07-06T11:42:40","modified_gmt":"2022-07-06T11:42:40","slug":"fibres-pour-le-beton","status":"publish","type":"page","link":"https:\/\/cast-in.pt\/en\/fibres-pour-le-beton\/","title":{"rendered":"Fibres pour le b\u00e9ton"},"content":{"rendered":"<p><div class=\"fusion-fullwidth fullwidth-box fusion-builder-row-1 fusion-flex-container nonhundred-percent-fullwidth non-hundred-percent-height-scrolling\" style=\"background-color: rgba(255,255,255,0);background-position: center center;background-repeat: no-repeat;border-width: 0px 0px 0px 0px;border-color:#eae9e9;border-style:solid;\" ><div class=\"fusion-builder-row fusion-row fusion-flex-align-items-flex-start\" style=\"max-width:1144px;margin-left: calc(-4% \/ 2 );margin-right: calc(-4% \/ 2 );\"><div class=\"fusion-layout-column fusion_builder_column fusion-builder-column-0 fusion_builder_column_1_1 1_1 fusion-flex-column\"><div class=\"fusion-column-wrapper fusion-flex-justify-content-flex-start fusion-content-layout-column\" style=\"background-position:left top;background-repeat:no-repeat;-webkit-background-size:cover;-moz-background-size:cover;-o-background-size:cover;background-size:cover;padding: 0px 0px 0px 0px;\"><div class=\"fusion-text fusion-text-1\"><p>Les fibres garantissent une augmentation de la r\u00e9sistance du b\u00e9ton. Fibres m\u00e9talliques pour sols industriels ou \u00e9l\u00e9ments pr\u00e9fabriqu\u00e9s. Fibres m\u00e9talliques pour le b\u00e9ton projet\u00e9. Les fibres macrosynth\u00e9tiques am\u00e9liorent le b\u00e9ton structurel.<\/p>\n<\/div><\/div><style type=\"text\/css\">.fusion-body .fusion-builder-column-0{width:100% !important;margin-top : 0px;margin-bottom : 20px;}.fusion-builder-column-0 > .fusion-column-wrapper {padding-top : 0px !important;padding-right : 0px !important;margin-right : 1.92%;padding-bottom : 0px !important;padding-left : 0px !important;margin-left : 1.92%;}@media only screen and (max-width:1024px) {.fusion-body .fusion-builder-column-0{width:100% !important;}.fusion-builder-column-0 > .fusion-column-wrapper {margin-right : 1.92%;margin-left : 1.92%;}}@media only screen and (max-width:640px) {.fusion-body .fusion-builder-column-0{width:100% !important;}.fusion-builder-column-0 > .fusion-column-wrapper {margin-right : 1.92%;margin-left : 1.92%;}}<\/style><\/div><\/div><style type=\"text\/css\">.fusion-body .fusion-flex-container.fusion-builder-row-1{ padding-top : 50px;margin-top : 0px;padding-right : 0px;padding-bottom : 0px;margin-bottom : 0px;padding-left : 0px;}<\/style><\/div><div class=\"fusion-fullwidth fullwidth-box fusion-builder-row-2 fusion-flex-container nonhundred-percent-fullwidth non-hundred-percent-height-scrolling\" style=\"background-color: #ffffff;background-position: left top;background-repeat: no-repeat;border-width: 0px 0px 0px 0px;border-color:#eae9e9;border-style:solid;\" ><div class=\"fusion-builder-row fusion-row fusion-flex-align-items-flex-start\" style=\"max-width:1144px;margin-left: calc(-4% \/ 2 );margin-right: calc(-4% \/ 2 );\"><div class=\"fusion-layout-column fusion_builder_column fusion-builder-column-1 fusion_builder_column_1_4 1_4 fusion-flex-column\"><div class=\"fusion-column-wrapper fusion-flex-justify-content-flex-start fusion-content-layout-column\" style=\"background-position:left top;background-repeat:no-repeat;-webkit-background-size:cover;-moz-background-size:cover;-o-background-size:cover;background-size:cover;padding: 2% 0px 0px 0px;\"><\/div><style type=\"text\/css\">.fusion-body .fusion-builder-column-1{width:25% !important;margin-top : 0px;margin-bottom : 0px;}.fusion-builder-column-1 > .fusion-column-wrapper {padding-top : 2% !important;padding-right : 0px !important;margin-right : 7.68%;padding-bottom : 0px !important;padding-left : 0px !important;margin-left : 7.68%;}@media only screen and (max-width:1024px) {.fusion-body .fusion-builder-column-1{width:25% !important;}.fusion-builder-column-1 > .fusion-column-wrapper {margin-right : 7.68%;margin-left : 7.68%;}}@media only screen and (max-width:640px) {.fusion-body .fusion-builder-column-1{width:100% !important;}.fusion-builder-column-1 > .fusion-column-wrapper {margin-right : 1.92%;margin-left : 1.92%;}}<\/style><\/div><div class=\"fusion-layout-column fusion_builder_column fusion-builder-column-2 fusion_builder_column_1_4 1_4 fusion-flex-column\"><div class=\"fusion-column-wrapper fusion-flex-justify-content-flex-start fusion-content-layout-column\" style=\"background-position:left top;background-repeat:no-repeat;-webkit-background-size:cover;-moz-background-size:cover;-o-background-size:cover;background-size:cover;padding: 2% 0px 0px 0px;\"><div ><span class=\"fusion-imageframe imageframe-none imageframe-1 hover-type-none\"><a class=\"fusion-no-lightbox\" href=\"https:\/\/cast-in.pt\/en\/portfolio-items\/fibras-macro-sinteticas-tytan\/\" target=\"_self\" aria-label=\"FIBRAS-MACRO-SINTETICAS-TYTAN-4\"><img decoding=\"async\" width=\"300\" height=\"300\" src=\"https:\/\/cast-in.pt\/wp-content\/uploads\/2017\/09\/FIBRAS-MACRO-SINTETICAS-TYTAN-4.png\" alt class=\"img-responsive wp-image-1641\" srcset=\"https:\/\/cast-in.pt\/wp-content\/uploads\/2017\/09\/FIBRAS-MACRO-SINTETICAS-TYTAN-4-200x200.png 200w, https:\/\/cast-in.pt\/wp-content\/uploads\/2017\/09\/FIBRAS-MACRO-SINTETICAS-TYTAN-4.png 300w\" sizes=\"(max-width: 640px) 100vw, 300px\" \/><\/a><\/span><\/div><div class=\"fusion-separator\" style=\"align-self: center;margin-left: auto;margin-right: auto;margin-top:30px;margin-bottom:20px;width:100%;max-width:25px;\"><div class=\"fusion-separator-border sep-single sep-solid\" style=\"border-color:#a21c26;border-top-width:2px;\"><\/div><\/div><div class=\"fusion-text fusion-text-2\"><h2 style=\"text-align: center;\"><strong>Fibres macro-synth\u00e9tiques tytan<\/strong><\/h2>\n<\/div><\/div><style type=\"text\/css\">.fusion-body .fusion-builder-column-2{width:25% !important;margin-top : 0px;margin-bottom : 0px;}.fusion-builder-column-2 > .fusion-column-wrapper {padding-top : 2% !important;padding-right : 0px !important;margin-right : 7.68%;padding-bottom : 0px !important;padding-left : 0px !important;margin-left : 7.68%;}@media only screen and (max-width:1024px) {.fusion-body .fusion-builder-column-2{width:25% !important;}.fusion-builder-column-2 > .fusion-column-wrapper {margin-right : 7.68%;margin-left : 7.68%;}}@media only screen and (max-width:640px) {.fusion-body .fusion-builder-column-2{width:100% !important;}.fusion-builder-column-2 > .fusion-column-wrapper {margin-right : 1.92%;margin-left : 1.92%;}}<\/style><\/div><div class=\"fusion-layout-column fusion_builder_column fusion-builder-column-3 fusion_builder_column_1_4 1_4 fusion-flex-column\"><div class=\"fusion-column-wrapper fusion-flex-justify-content-flex-start fusion-content-layout-column\" style=\"background-position:left top;background-repeat:no-repeat;-webkit-background-size:cover;-moz-background-size:cover;-o-background-size:cover;background-size:cover;padding: 2% 0px 0px 0px;\"><div ><span class=\"fusion-imageframe imageframe-none imageframe-2 hover-type-none\"><a class=\"fusion-no-lightbox\" href=\"https:\/\/cast-in.pt\/en\/portfolio-items\/fibras-metalicas-ficon\/\" target=\"_self\" aria-label=\"FIBRAS-METALICAS-FICON-3\"><img decoding=\"async\" width=\"300\" height=\"300\" src=\"https:\/\/cast-in.pt\/wp-content\/uploads\/2017\/09\/FIBRAS-METALICAS-FICON-3.png\" alt class=\"img-responsive wp-image-1642\" srcset=\"https:\/\/cast-in.pt\/wp-content\/uploads\/2017\/09\/FIBRAS-METALICAS-FICON-3-200x200.png 200w, https:\/\/cast-in.pt\/wp-content\/uploads\/2017\/09\/FIBRAS-METALICAS-FICON-3.png 300w\" sizes=\"(max-width: 640px) 100vw, 300px\" \/><\/a><\/span><\/div><div class=\"fusion-separator\" style=\"align-self: center;margin-left: auto;margin-right: auto;margin-top:30px;margin-bottom:20px;width:100%;max-width:25px;\"><div class=\"fusion-separator-border sep-single sep-solid\" style=\"border-color:#a21c26;border-top-width:2px;\"><\/div><\/div><div class=\"fusion-text fusion-text-3\"><h2 style=\"text-align: center;\"><strong>Fibres m\u00e9talliques Ficon<\/strong><\/h2>\n<\/div><\/div><style type=\"text\/css\">.fusion-body .fusion-builder-column-3{width:25% !important;margin-top : 0px;margin-bottom : 0px;}.fusion-builder-column-3 > .fusion-column-wrapper {padding-top : 2% !important;padding-right : 0px !important;margin-right : 7.68%;padding-bottom : 0px !important;padding-left : 0px !important;margin-left : 7.68%;}@media only screen and (max-width:1024px) {.fusion-body .fusion-builder-column-3{width:25% !important;}.fusion-builder-column-3 > .fusion-column-wrapper {margin-right : 7.68%;margin-left : 7.68%;}}@media only screen and (max-width:640px) {.fusion-body .fusion-builder-column-3{width:100% !important;}.fusion-builder-column-3 > .fusion-column-wrapper {margin-right : 1.92%;margin-left : 1.92%;}}<\/style><\/div><div class=\"fusion-layout-column fusion_builder_column fusion-builder-column-4 fusion_builder_column_1_4 1_4 fusion-flex-column\"><div class=\"fusion-column-wrapper fusion-flex-justify-content-flex-start fusion-content-layout-column\" style=\"background-position:left top;background-repeat:no-repeat;-webkit-background-size:cover;-moz-background-size:cover;-o-background-size:cover;background-size:cover;padding: 2% 0px 0px 0px;\"><\/div><style type=\"text\/css\">.fusion-body .fusion-builder-column-4{width:25% !important;margin-top : 0px;margin-bottom : 0px;}.fusion-builder-column-4 > .fusion-column-wrapper {padding-top : 2% !important;padding-right : 0px !important;margin-right : 7.68%;padding-bottom : 0px !important;padding-left : 0px !important;margin-left : 7.68%;}@media only screen and (max-width:1024px) {.fusion-body .fusion-builder-column-4{width:25% !important;}.fusion-builder-column-4 > .fusion-column-wrapper {margin-right : 7.68%;margin-left : 7.68%;}}@media only screen and (max-width:640px) {.fusion-body .fusion-builder-column-4{width:100% !important;}.fusion-builder-column-4 > .fusion-column-wrapper {margin-right : 1.92%;margin-left : 1.92%;}}<\/style><\/div><\/div><style type=\"text\/css\">.fusion-body .fusion-flex-container.fusion-builder-row-2{ padding-top : 50px;margin-top : 0px;padding-right : 0px;padding-bottom : 50px;margin-bottom : 0;padding-left : 0px;}<\/style><\/div><\/p>","protected":false},"excerpt":{"rendered":"","protected":false},"author":15,"featured_media":0,"parent":0,"menu_order":0,"comment_status":"closed","ping_status":"closed","template":"100-width.php","meta":[],"yoast_head":"<!-- This site is optimized with the Yoast SEO plugin v19.5.1 - https:\/\/yoast.com\/wordpress\/plugins\/seo\/ -->\r\n<title>Fibres pour le b\u00e9ton - Cast-in Portugal<\/title>\r\n<meta name=\"description\" content=\"Variado leque de suportes e sistemas de fixa\u00e7\u00e3o para as ind\u00fastrias da constru\u00e7\u00e3o civil, da pr\u00e9-fabrica\u00e7\u00e3o, fachada e metalomec\u00e2nica. Representantes Halfen\" \/>\r\n<meta name=\"robots\" content=\"index, follow, max-snippet:-1, max-image-preview:large, max-video-preview:-1\" \/>\r\n<link rel=\"canonical\" href=\"https:\/\/cast-in.pt\/en\/fibres-pour-le-beton\/\" \/>\r\n<meta property=\"og:locale\" content=\"en_GB\" \/>\r\n<meta property=\"og:type\" content=\"article\" \/>\r\n<meta property=\"og:title\" content=\"Fibres pour le b\u00e9ton - Cast-in Portugal\" \/>\r\n<meta property=\"og:description\" content=\"Variado leque de suportes e sistemas de fixa\u00e7\u00e3o para as ind\u00fastrias da constru\u00e7\u00e3o civil, da pr\u00e9-fabrica\u00e7\u00e3o, fachada e metalomec\u00e2nica. Representantes Halfen\" \/>\r\n<meta property=\"og:url\" content=\"https:\/\/cast-in.pt\/en\/fibres-pour-le-beton\/\" \/>\r\n<meta property=\"og:site_name\" content=\"Cast-in Portugal\" \/>\r\n<meta property=\"article:modified_time\" content=\"2022-07-06T11:42:40+00:00\" \/>\r\n<meta name=\"twitter:card\" content=\"summary_large_image\" \/>\r\n<meta name=\"twitter:label1\" content=\"Estimated reading time\" \/>\n\t<meta name=\"twitter:data1\" content=\"8 minutes\" \/>\r\n<script type=\"application\/ld+json\" class=\"yoast-schema-graph\">{\"@context\":\"https:\/\/schema.org\",\"@graph\":[{\"@type\":\"WebPage\",\"@id\":\"https:\/\/cast-in.pt\/fr\/fibres-pour-le-beton\/\",\"url\":\"https:\/\/cast-in.pt\/fr\/fibres-pour-le-beton\/\",\"name\":\"Fibres pour le b\u00e9ton - Cast-in Portugal\",\"isPartOf\":{\"@id\":\"https:\/\/cast-in.pt\/#website\"},\"datePublished\":\"2022-07-06T11:06:44+00:00\",\"dateModified\":\"2022-07-06T11:42:40+00:00\",\"description\":\"Variado leque de suportes e sistemas de fixa\u00e7\u00e3o para as ind\u00fastrias da constru\u00e7\u00e3o civil, da pr\u00e9-fabrica\u00e7\u00e3o, fachada e metalomec\u00e2nica. Representantes Halfen\",\"breadcrumb\":{\"@id\":\"https:\/\/cast-in.pt\/fr\/fibres-pour-le-beton\/#breadcrumb\"},\"inLanguage\":\"en-GB\",\"potentialAction\":[{\"@type\":\"ReadAction\",\"target\":[\"https:\/\/cast-in.pt\/fr\/fibres-pour-le-beton\/\"]}]},{\"@type\":\"BreadcrumbList\",\"@id\":\"https:\/\/cast-in.pt\/fr\/fibres-pour-le-beton\/#breadcrumb\",\"itemListElement\":[{\"@type\":\"ListItem\",\"position\":1,\"name\":\"In\u00edcio\",\"item\":\"https:\/\/cast-in.pt\/\"},{\"@type\":\"ListItem\",\"position\":2,\"name\":\"Fibres pour le b\u00e9ton\"}]},{\"@type\":\"WebSite\",\"@id\":\"https:\/\/cast-in.pt\/#website\",\"url\":\"https:\/\/cast-in.pt\/\",\"name\":\"Cast-in Portugal\",\"description\":\"A CAST-IN PORTUGAL fornece produtos para a ind\u00fastria da constru\u00e7\u00e3o civil, da pr\u00e9-fabrica\u00e7\u00e3o, fachada e metalomec\u00e2nica. Distribuidor exclusivo HALFEN.\",\"potentialAction\":[{\"@type\":\"SearchAction\",\"target\":{\"@type\":\"EntryPoint\",\"urlTemplate\":\"https:\/\/cast-in.pt\/?s={search_term_string}\"},\"query-input\":\"required name=search_term_string\"}],\"inLanguage\":\"en-GB\"}]}<\/script>\r\n<!-- \/ Yoast SEO plugin. -->","yoast_head_json":{"title":"Fibres pour le b\u00e9ton - Cast-in Portugal","description":"Variado leque de suportes e sistemas de fixa\u00e7\u00e3o para as ind\u00fastrias da constru\u00e7\u00e3o civil, da pr\u00e9-fabrica\u00e7\u00e3o, fachada e metalomec\u00e2nica. Representantes Halfen","robots":{"index":"index","follow":"follow","max-snippet":"max-snippet:-1","max-image-preview":"max-image-preview:large","max-video-preview":"max-video-preview:-1"},"canonical":"https:\/\/cast-in.pt\/en\/fibres-pour-le-beton\/","og_locale":"en_GB","og_type":"article","og_title":"Fibres pour le b\u00e9ton - Cast-in Portugal","og_description":"Variado leque de suportes e sistemas de fixa\u00e7\u00e3o para as ind\u00fastrias da constru\u00e7\u00e3o civil, da pr\u00e9-fabrica\u00e7\u00e3o, fachada e metalomec\u00e2nica. Representantes Halfen","og_url":"https:\/\/cast-in.pt\/en\/fibres-pour-le-beton\/","og_site_name":"Cast-in Portugal","article_modified_time":"2022-07-06T11:42:40+00:00","twitter_card":"summary_large_image","twitter_misc":{"Estimated reading time":"8 minutes"},"schema":{"@context":"https:\/\/schema.org","@graph":[{"@type":"WebPage","@id":"https:\/\/cast-in.pt\/fr\/fibres-pour-le-beton\/","url":"https:\/\/cast-in.pt\/fr\/fibres-pour-le-beton\/","name":"Fibres pour le b\u00e9ton - Cast-in Portugal","isPartOf":{"@id":"https:\/\/cast-in.pt\/#website"},"datePublished":"2022-07-06T11:06:44+00:00","dateModified":"2022-07-06T11:42:40+00:00","description":"Variado leque de suportes e sistemas de fixa\u00e7\u00e3o para as ind\u00fastrias da constru\u00e7\u00e3o civil, da pr\u00e9-fabrica\u00e7\u00e3o, fachada e metalomec\u00e2nica. Representantes Halfen","breadcrumb":{"@id":"https:\/\/cast-in.pt\/fr\/fibres-pour-le-beton\/#breadcrumb"},"inLanguage":"en-GB","potentialAction":[{"@type":"ReadAction","target":["https:\/\/cast-in.pt\/fr\/fibres-pour-le-beton\/"]}]},{"@type":"BreadcrumbList","@id":"https:\/\/cast-in.pt\/fr\/fibres-pour-le-beton\/#breadcrumb","itemListElement":[{"@type":"ListItem","position":1,"name":"In\u00edcio","item":"https:\/\/cast-in.pt\/"},{"@type":"ListItem","position":2,"name":"Fibres pour le b\u00e9ton"}]},{"@type":"WebSite","@id":"https:\/\/cast-in.pt\/#website","url":"https:\/\/cast-in.pt\/","name":"Cast-in Portugal","description":"A CAST-IN PORTUGAL fornece produtos para a ind\u00fastria da constru\u00e7\u00e3o civil, da pr\u00e9-fabrica\u00e7\u00e3o, fachada e metalomec\u00e2nica. Distribuidor exclusivo HALFEN.","potentialAction":[{"@type":"SearchAction","target":{"@type":"EntryPoint","urlTemplate":"https:\/\/cast-in.pt\/?s={search_term_string}"},"query-input":"required name=search_term_string"}],"inLanguage":"en-GB"}]}},"_links":{"self":[{"href":"https:\/\/cast-in.pt\/en\/wp-json\/wp\/v2\/pages\/3279"}],"collection":[{"href":"https:\/\/cast-in.pt\/en\/wp-json\/wp\/v2\/pages"}],"about":[{"href":"https:\/\/cast-in.pt\/en\/wp-json\/wp\/v2\/types\/page"}],"author":[{"embeddable":true,"href":"https:\/\/cast-in.pt\/en\/wp-json\/wp\/v2\/users\/15"}],"replies":[{"embeddable":true,"href":"https:\/\/cast-in.pt\/en\/wp-json\/wp\/v2\/comments?post=3279"}],"version-history":[{"count":2,"href":"https:\/\/cast-in.pt\/en\/wp-json\/wp\/v2\/pages\/3279\/revisions"}],"predecessor-version":[{"id":3313,"href":"https:\/\/cast-in.pt\/en\/wp-json\/wp\/v2\/pages\/3279\/revisions\/3313"}],"wp:attachment":[{"href":"https:\/\/cast-in.pt\/en\/wp-json\/wp\/v2\/media?parent=3279"}],"curies":[{"name":"wp","href":"https:\/\/api.w.org\/{rel}","templated":true}]}}